{"id":14545,"date":"2025-03-14T19:16:21","date_gmt":"2025-03-14T17:16:21","guid":{"rendered":"http:\/\/localhost\/verneri\/selko-dev\/?page_id=14545"},"modified":"2025-11-19T11:02:44","modified_gmt":"2025-11-19T09:02:44","slug":"edustan-vammaisia-ihmisia","status":"publish","type":"page","link":"https:\/\/verneri.net\/selko\/hyvinvointi\/vaikuttaminen\/edustan-vammaisia-ihmisia\/","title":{"rendered":"Edustan vammaisia ihmisi\u00e4"},"content":{"rendered":"<p>Heikki Suvilehto kuuluu Pohjois-Pohjanmaan hyvinvointialueen vammaisneuvostoon. T\u00e4ll\u00e4 sivulla h\u00e4n kertoo, mit\u00e4 ajattelee teht\u00e4v\u00e4st\u00e4\u00e4n.<\/p>\n<h2>Vaikutan hyvinvointialueen vammaisneuvostossa<\/h2>\n<p>Olen Heikki Suvilehto.<\/p>\n<p>Olen ollut oman kunnan vammaisneuvostossa kolme vuotta. Kotikuntani on Pyh\u00e4j\u00e4rvi.<\/p>\n<p>Nyt olen saanut uuden teht\u00e4v\u00e4n. Pyh\u00e4j\u00e4rven vammaisneuvosto esitti minua toukokuussa ehdokkaaksi hyvinvointialueen vammaisneuvostoon.<\/p>\n<p>Minut valittiin teht\u00e4v\u00e4\u00e4n.<\/p>\n<p>Hyvinvointialueen vammaisneuvosto toimii alueellisesti koko maakunnan eli hyvinvointialueen alueella.<\/p>\n<p>Hyvinvointialueen teht\u00e4v\u00e4 on j\u00e4rjest\u00e4\u00e4 sosiaalihuolto, terveydenhuolto ja pelastustoimi. Ennen t\u00e4t\u00e4 tekiv\u00e4t kunnat.<\/p>\n<h2>Edustan kaikkia vammaisia ihmisi\u00e4<\/h2>\n<p>Edustan kaikkia oman kuntani vammaisia ihmisi\u00e4. En ole pelk\u00e4st\u00e4\u00e4n meik\u00e4l\u00e4isten eli kehitysvammaisten ihmisten asialla.<\/p>\n<p>Toimin koko Pohjois-Pohjanmaan hyvinvointialueen kaikkien vammaisten ihmisten hyv\u00e4ksi.<\/p>\n<p>Ajattelen, ett\u00e4 uusi teht\u00e4v\u00e4 on erilainen kuin kunnan vammaisneuvostossa. Se on my\u00f6s haaste.<\/p>\n<p>Tunnen hyvin meik\u00e4l\u00e4isten asiat ja nyt saan tutustua muiden vammaisten ihmisten tilanteeseen.<\/p>\n<p>Hyvinvointialueen vammaisneuvostossa k\u00e4sitell\u00e4\u00e4n my\u00f6s terveysasioita, mutta aion p\u00e4\u00e4asiassa keskitty\u00e4 vammaisten ihmisten asioihin.<\/p>\n<p>T\u00e4h\u00e4n asti olen toiminut meik\u00e4l\u00e4isten asioiden kanssa, esimerkiksi Tukiliitossa.<\/p>\n<p>Minun mielest\u00e4ni kehitysvammaisia vaikuttajia tarvitaan lis\u00e4\u00e4. Tiet\u00e4\u00e4kseni minun lis\u00e4kseni kuntien vammaisneuvostoissa ovat olleet mukana vain Suvi Ontto-Panula ja Ulla Topi.<\/p>\n<p>Nyt min\u00e4 olen ensimm\u00e4inen kehitysvammainen ihminen, joka on valittu alueelliseen vammaisneuvostoon.<\/p>\n<h2>Aluevaltuutetut, ottakaa yhteytt\u00e4<\/h2>\n<p>Jokaisella hyvinvointialueella toimii aluevaltuusto. Toivon, ett\u00e4 aluevaltuutetut ovat yhteydess\u00e4 oman alueensa vammaisneuvostoihin.<\/p>\n<p>Voimme kertoa heille vammaisten ihmisten n\u00e4k\u00f6kulmista.<\/p>\n<p>Kaikille vammaisille ihmisille yhteisi\u00e4 t\u00e4rkeit\u00e4 asioita ovat l\u00e4hipalveluiden s\u00e4ilyminen ja esteett\u00f6myys, kuten selkokieli.<\/p>\n<p>Selkokielen edist\u00e4misess\u00e4 on viel\u00e4 paljon teht\u00e4v\u00e4\u00e4.<\/p>\n<p>My\u00f6s teknologiassa t\u00e4ytyy tehd\u00e4 esteett\u00f6mi\u00e4 ratkaisuja, sill\u00e4 kaikki eiv\u00e4t hallitse uutta teknologiaa.<\/p>\n<p>Vammaisten p\u00e4iv\u00e4 on joka vuosi 3.12. Hyvinvointialueiden vammaisneuvostot voisivat toimia yhdess\u00e4 niin, ett\u00e4 vammaisten p\u00e4iv\u00e4st\u00e4 tulisi liputusp\u00e4iv\u00e4.<\/p>\n<p>3.12. muistuttaa yhteiskunnassa siit\u00e4, ett\u00e4 me vammaiset ihmiset olemme olemassa.<\/p>\n<p><strong>Teksti:<\/strong> Heikki Suvilehto<br \/>\n<strong>Selkomuokkaus:<\/strong> Jaana Ter\u00e4v\u00e4inen<br \/>\n<strong>Kuva:<\/strong> Laura Vesa<\/p>\n<p><em>Juttu on julkaistu alun perin Leija-lehden numerossa 1\/2023.<\/em><\/p>\n","protected":false},"excerpt":{"rendered":"<p>Heikki Suvilehto kuuluu Pohjois-Pohjanmaan hyvinvointialueen vammaisneuvostoon. T\u00e4ll\u00e4 sivulla h\u00e4n kertoo, mit\u00e4 ajattelee teht\u00e4v\u00e4st\u00e4\u00e4n. Vaikutan hyvinvointialueen vammaisneuvostossa Olen Heikki Suvilehto. Olen [&hellip;]<\/p>\n","protected":false},"author":2,"featured_media":15085,"parent":16,"menu_order":274,"comment_status":"closed","ping_status":"closed","template":"","meta":{"_acf_changed":false,"footnotes":""},"class_list":["post-14545","page","type-page","status-publish","has-post-thumbnail","hentry"],"acf":[],"_links":{"self":[{"href":"https:\/\/verneri.net\/selko\/wp-json\/wp\/v2\/pages\/14545","targetHints":{"allow":["GET"]}}],"collection":[{"href":"https:\/\/verneri.net\/selko\/wp-json\/wp\/v2\/pages"}],"about":[{"href":"https:\/\/verneri.net\/selko\/wp-json\/wp\/v2\/types\/page"}],"author":[{"embeddable":true,"href":"https:\/\/verneri.net\/selko\/wp-json\/wp\/v2\/users\/2"}],"replies":[{"embeddable":true,"href":"https:\/\/verneri.net\/selko\/wp-json\/wp\/v2\/comments?post=14545"}],"version-history":[{"count":0,"href":"https:\/\/verneri.net\/selko\/wp-json\/wp\/v2\/pages\/14545\/revisions"}],"up":[{"embeddable":true,"href":"https:\/\/verneri.net\/selko\/wp-json\/wp\/v2\/pages\/16"}],"wp:featuredmedia":[{"embeddable":true,"href":"https:\/\/verneri.net\/selko\/wp-json\/wp\/v2\/media\/15085"}],"wp:attachment":[{"href":"https:\/\/verneri.net\/selko\/wp-json\/wp\/v2\/media?parent=14545"}],"curies":[{"name":"wp","href":"https:\/\/api.w.org\/{rel}","templated":true}]}}