{"id":267,"date":"2020-12-01T11:18:00","date_gmt":"2020-12-01T09:18:00","guid":{"rendered":"http:\/\/localhost\/verneri\/selko-dev\/saavutettavuusseloste\/"},"modified":"2025-04-17T15:05:10","modified_gmt":"2025-04-17T12:05:10","slug":"saavutettavuusseloste","status":"publish","type":"page","link":"https:\/\/verneri.net\/selko\/saavutettavuusseloste\/","title":{"rendered":"Saavutettavuusseloste"},"content":{"rendered":"<p>T\u00e4m\u00e4 on Vernerin selkosivujen saavutettavuusseloste.<\/p>\n<p>Seloste on tehty 30.11.2020.<\/p>\n<p>Palvelua koskee laki digitaalisten palvelujen tarjoamisesta. Laki edellytt\u00e4\u00e4, ett\u00e4 julkisten verkkopalvelujen on oltava saavutettavia.<\/p>\n<p>Olemme arvioineet palvelun saavutettavuuden itse.<\/p>\n<h2>Digipalvelun saavutettavuuden tila<\/h2>\n<p>Verkkopalvelu t\u00e4ytt\u00e4\u00e4 saavutettavuusvaatimukset osittain.<\/p>\n<h2>Ei-saavutettava sis\u00e4lt\u00f6<\/h2>\n<p>Verkkopalvelu ei ole viel\u00e4 kaikilta osin vaatimusten mukainen. Verkkopalveluun tehd\u00e4\u00e4n laaja uudistus vuosina 2023-2024. Saavutettavuuspuutteet korjataan silloin.<\/p>\n<h3>Havaittava<\/h3>\n<h4>Puutteelliset tekstivastineet<\/h4>\n<p>Saavuttamaton sis\u00e4lt\u00f6 ja sen puutteet:<\/p>\n<p>Verneri.net\/selko-sivun Facebook-kuvalinkin tekstivastine on ep\u00e4selv\u00e4.<\/p>\n<p>Verneri.net \u2013 Selkosivut -linkin tekstivastine ei kuvaa linkin kohdetta.<\/p>\n<p>Saavutettavuusvaatimukset jotka eiv\u00e4t t\u00e4yty:<\/p>\n<p>1.1.1 Ei-tekstuaalinen sis\u00e4lt\u00f6<\/p>\n<h4>Tekstin ja taustan kontrastiongelmat<\/h4>\n<p>Saavuttamaton sis\u00e4lt\u00f6 ja sen puutteet:<\/p>\n<p>Verneri.net-sivun logossa ja teksteiss\u00e4 ei ole riitt\u00e4v\u00e4sti tummuuskontrastia.<\/p>\n<p>Saavutettavuusvaatimukset jotka eiv\u00e4t t\u00e4yty:<\/p>\n<p>1.4.3 Kontrasti (minimi)<\/p>\n<h3>Hallittava<\/h3>\n<h4>Kuvituskuvien turhat alt-tekstit, linkit ja titlet<\/h4>\n<p>Saavuttamaton sis\u00e4lt\u00f6 ja sen puutteet:<\/p>\n<p>Kuvituskuvissa on turhia alt-tekstej\u00e4, linkkej\u00e4 ja titlej\u00e4. Etusivun linkit joudutaan navigoimaan kaksi kertaa n\u00e4pp\u00e4imist\u00f6selauksessa.<\/p>\n<p>Saavutettavuusvaatimukset jotka eiv\u00e4t t\u00e4yty:<\/p>\n<p>2.4.4 Linkin tarkoitus (kontekstissa)<\/p>\n<h4>Linkkien turhat title- ja alt-tekstit<\/h4>\n<p>Saavuttamaton sis\u00e4lt\u00f6 ja sen puutteet:<\/p>\n<p>Esimerkiksi Asuminen- ja Ty\u00f6-sivujen linkeiss\u00e4 on turhia titlej\u00e4 ja alt-tekstej\u00e4.<\/p>\n<p>Saavutettavuusvaatimukset jotka eiv\u00e4t t\u00e4yty:<\/p>\n<p>2.4.4 Linkin tarkoitus (kontekstissa)<\/p>\n<h4>Kyselyn valintapainikkeet<\/h4>\n<p>Saavuttamaton sis\u00e4lt\u00f6 ja sen puutteet:<\/p>\n<p>Kyselyn valintapainikkeita ei ole yhdistetty painikkeen otsikkoon.<\/p>\n<p>Saavutettavuusvaatimukset jotka eiv\u00e4t t\u00e4yty:<\/p>\n<p>2.5.3 Nimilappu nimess\u00e4<\/p>\n<h3>Toimintavarma<\/h3>\n<h4>Hakupalkin nimi<\/h4>\n<p>Saavuttamaton sis\u00e4lt\u00f6 ja sen puutteet:<\/p>\n<p>Hakupalkin nime\u00e4 sek\u00e4 roolia ei voida selvitt\u00e4\u00e4 ohjelmallisesti.<\/p>\n<p>Saavutettavuusvaatimukset jotka eiv\u00e4t t\u00e4yty:<\/p>\n<p>4.1.2 Nimi, rooli, arvo<\/p>\n<h4>Verkkokirjat<\/h4>\n<p>Erillisill\u00e4 ty\u00f6kaluilla tehdyiss\u00e4 verkkokirjoissa on saavutettavuusongelmia.<\/p>\n<p>Niist\u00e4 esimerkiksi puuttuu kuvien tekstivastineet eik\u00e4 otsikoita ole merkitty otsikoiksi. Kaikkia toiminnallisuuksia ei ole mahdollista k\u00e4ytt\u00e4\u00e4 n\u00e4pp\u00e4imist\u00f6ll\u00e4, ja verkkokirjojen painikkeista puuttuvat kuvaavat nimilaput.<\/p>\n<p>Saavutettavuusvaatimukset jotka eiv\u00e4t t\u00e4yty:<\/p>\n<p>1.1.1 Ei-tekstuaalinen sis\u00e4lt\u00f6<\/p>\n<p>1.3.1 Informaatio ja suhteet<\/p>\n<p>2.1.1 N\u00e4pp\u00e4imist\u00f6<\/p>\n<p>2.4.6 Otsikot ja nimilaput<\/p>\n<h4>PDF-tiedostot<\/h4>\n<p data-orig-font-size=\"13.5px\">Palvelussa on PDF-tiedostoja, joissa on saavutettavuuspuutteita.<\/p>\n<p data-orig-font-size=\"13.5px\">PDF-tiedostoissa on esimerkiksi puutteellisesti merkittyj\u00e4 tekstivastineita ja otsikkotasoja, kontrastiongelmia sek\u00e4 virheellisi\u00e4 lukemisj\u00e4rjestyksi\u00e4.<\/p>\n<p data-orig-font-size=\"13.5px\">Saavutettavuusvaatimukset jotka eiv\u00e4t t\u00e4yty:<\/p>\n<p data-orig-font-size=\"13.5px\">1.1.1 Ei-visuaalinen sis\u00e4lt\u00f6<\/p>\n<p>1.3.1 Informaatio ja suhteet<\/p>\n<p>1.3.2 Merkitykseen vaikuttava j\u00e4rjestys<\/p>\n<p>1.4.3 Kontrasti (minimi)<\/p>\n<p>1.4.10 Responsiivisuus<\/p>\n<h4>Ei kuulu lains\u00e4\u00e4d\u00e4nn\u00f6n piiriin<\/h4>\n<ul>\n<li>toimisto-ohjelmien tiedostoja (esim. doc, pdf, odt), jotka on julkaistu ennen 23.9.2018<\/li>\n<li>video- tai \u00e4\u00e4nitallenteita, jotka on julkaistu ennen 23.9.2020<\/li>\n<\/ul>\n<h2>Huomasitko saavutettavuuspuutteen sivuillamme?<\/h2>\n<p>Kerro se meille ja teemme parhaamme puutteen korjaamiseksi: verneri(at)kvl.fi<\/p>\n<h3 data-orig-font-size=\"19px\">Valvontaviranomainen<\/h3>\n<p data-orig-font-size=\"13.5px\">Jos huomaat sivustolla saavutettavuusongelmia, anna ensin palautetta meille eli sivuston yll\u00e4pit\u00e4j\u00e4lle. Vastauksessa voi menn\u00e4 14 p\u00e4iv\u00e4\u00e4.<\/p>\n<p data-orig-font-size=\"13.5px\">Jos et ole tyytyv\u00e4inen saamaasi vastaukseen tai et saa vastausta lainkaan kahden viikon aikana, voit tehd\u00e4 ilmoituksen Liikenne- ja viestint\u00e4virasto Traficomille. Traficomin sivuilla kerrotaan tarkasti, miten ilmoituksen voi tehd\u00e4 ja miten asia k\u00e4sitell\u00e4\u00e4n.<\/p>\n<p data-orig-font-size=\"13.5px\">Valvontaviranomaisen yhteystiedot:<\/p>\n<ul>\n<li data-orig-font-size=\"13.5px\">Liikenne- ja viestint\u00e4virasto Traficom<\/li>\n<li><a href=\"https:\/\/www.saavutettavuusvaatimukset.fi\/\" target=\"_blank\" rel=\"noopener\">www.saavutettavuusvaatimukset.fi<\/a><\/li>\n<li>saavutettavuus (at) traficom.fi<\/li>\n<li>puhelinnumero 029 534 5000 (vaihde)<\/li>\n<\/ul>\n","protected":false},"excerpt":{"rendered":"<p>T\u00e4m\u00e4 on Vernerin selkosivujen saavutettavuusseloste. Seloste on tehty 30.11.2020. Palvelua koskee laki digitaalisten palvelujen tarjoamisesta. Laki edellytt\u00e4\u00e4, ett\u00e4 julkisten verkkopalvelujen [&hellip;]<\/p>\n","protected":false},"author":1,"featured_media":0,"parent":0,"menu_order":942,"comment_status":"closed","ping_status":"closed","template":"","meta":{"_acf_changed":false,"footnotes":""},"class_list":["post-267","page","type-page","status-publish","hentry"],"acf":[],"_links":{"self":[{"href":"https:\/\/verneri.net\/selko\/wp-json\/wp\/v2\/pages\/267","targetHints":{"allow":["GET"]}}],"collection":[{"href":"https:\/\/verneri.net\/selko\/wp-json\/wp\/v2\/pages"}],"about":[{"href":"https:\/\/verneri.net\/selko\/wp-json\/wp\/v2\/types\/page"}],"author":[{"embeddable":true,"href":"https:\/\/verneri.net\/selko\/wp-json\/wp\/v2\/users\/1"}],"replies":[{"embeddable":true,"href":"https:\/\/verneri.net\/selko\/wp-json\/wp\/v2\/comments?post=267"}],"version-history":[{"count":0,"href":"https:\/\/verneri.net\/selko\/wp-json\/wp\/v2\/pages\/267\/revisions"}],"wp:attachment":[{"href":"https:\/\/verneri.net\/selko\/wp-json\/wp\/v2\/media?parent=267"}],"curies":[{"name":"wp","href":"https:\/\/api.w.org\/{rel}","templated":true}]}}