{"id":42,"date":"2024-11-28T10:05:30","date_gmt":"2024-11-28T08:05:30","guid":{"rendered":"http:\/\/localhost\/verneri\/selko-dev\/hyvinvointi\/vammaisuuden-syyt\/muita-vammoja\/"},"modified":"2025-09-04T12:43:11","modified_gmt":"2025-09-04T09:43:11","slug":"vammoja-on-monenlaisia","status":"publish","type":"page","link":"https:\/\/verneri.net\/selko\/hyvinvointi\/vammaisuus\/vammoja-on-monenlaisia\/","title":{"rendered":"Vammoja on monenlaisia"},"content":{"rendered":"<p>Ihmisill\u00e4 voi olla monenlaisia vammoja, jotka est\u00e4v\u00e4t heit\u00e4 osallistumasta yhteiskunnan toimintaan yhdenvertaisesti muiden kanssa.<\/p>\n<p>Osallistumisen esteen\u00e4 voi olla esimerkiksi liian monimutkainen kieli tai rakennukset, jonne ei p\u00e4\u00e4se py\u00f6r\u00e4tuolilla. Yhteiskunnan teht\u00e4v\u00e4 on poistaa n\u00e4it\u00e4 esteit\u00e4.<\/p>\n<h2>Liikuntavammaisuus<\/h2>\n<p>Liikuntavammainen ihminen ei pysty liikkumaan itsen\u00e4isesti tai ilman apuv\u00e4linett\u00e4. Apuv\u00e4line voi olla vaikkapa py\u00f6r\u00e4tuoli.<\/p>\n<p>Liikuntavammoja on erilaisia. Esimerkiksi Cp-vamma on aivojen vaurio, joka vaikeuttaa vartalon liikkeiden hallintaa.<\/p>\n<p>Liikuntavamman voi aiheuttaa tapaturma tai sairaus. Se voi olla my\u00f6s synnynn\u00e4inen.<\/p>\n<p>Oikealla tuella ja hyvill\u00e4 apuv\u00e4lineill\u00e4 liikuntavammainen ihminen voi osallistua yhteiskuntaan yhdenvertaisesti muiden kanssa.<\/p>\n<h2>Puhevammaisuus<\/h2>\n<p>Puhevammaisen ihmisen on vaikea puhua tai ymm\u00e4rt\u00e4\u00e4 puhetta. Usein puhevammaan liittyy my\u00f6s vaikeus lukea tai kirjoittaa.<\/p>\n<p>Puhevamma vaikeuttaa vuorovaikutusta muiden ihmisten kanssa.<\/p>\n<p>Erilaiset apuv\u00e4lineet auttavat puhevammaista ihmist\u00e4 kertomaan ajatuksistaan ja tunteistaan. Puhevammainen ihminen voi ilmaista itse\u00e4\u00e4n esimerkiksi kuvilla tai viittomilla.<\/p>\n<h2>N\u00e4k\u00f6vammaisuus<\/h2>\n<p>N\u00e4k\u00f6vammainen ihminen voi n\u00e4hd\u00e4 heikosti tai olla sokea.<\/p>\n<p>N\u00e4k\u00f6vamma voi johtua esimerkiksi ik\u00e4\u00e4ntymisest\u00e4, sairaudesta tai onnettomuudesta.<\/p>\n<p>N\u00e4k\u00f6vamma voi vaikeuttaa esimerkiksi palvelujen, liikenteen tai laitteiden k\u00e4ytt\u00f6\u00e4.<\/p>\n<p>Apuv\u00e4lineet helpottavat n\u00e4k\u00f6vammaisen arkea. Esimerkiksi netti\u00e4, kirjoja ja lehti\u00e4 voi lukea erilaisten apuv\u00e4lineiden avulla.<\/p>\n<h2>Kuulovammaisuus<\/h2>\n<p>Kuulovammainen ihminen kuulee huonosti tai on kuuro eli ei kuule ollenkaan.<\/p>\n<p>Kuulovamman voi aiheuttaa esimerkiksi onnettomuus, sairaus tai perim\u00e4.<\/p>\n<p>Kuulokojeet ja muut kuulon apuv\u00e4lineet helpottavat kuulovammaisen arkea.<\/p>\n<p>Osa kuulovammaisista ihmisist\u00e4 on viittomakielisi\u00e4 eli he k\u00e4ytt\u00e4v\u00e4t viittomakielt\u00e4.<\/p>\n<p><strong>Teksti:<\/strong> Jenni Sipil\u00e4 ja Outi Raunetvuo, 2022<br \/>\n<strong>Kuva:<\/strong> Unsplash<\/p>\n","protected":false},"excerpt":{"rendered":"<p>Ihmisill\u00e4 voi olla monenlaisia vammoja, jotka est\u00e4v\u00e4t heit\u00e4 osallistumasta yhteiskunnan toimintaan yhdenvertaisesti muiden kanssa. Osallistumisen esteen\u00e4 voi olla esimerkiksi liian [&hellip;]<\/p>\n","protected":false},"author":1,"featured_media":16933,"parent":13,"menu_order":32,"comment_status":"closed","ping_status":"closed","template":"","meta":{"_acf_changed":false,"footnotes":""},"class_list":["post-42","page","type-page","status-publish","has-post-thumbnail","hentry"],"acf":[],"_links":{"self":[{"href":"https:\/\/verneri.net\/selko\/wp-json\/wp\/v2\/pages\/42","targetHints":{"allow":["GET"]}}],"collection":[{"href":"https:\/\/verneri.net\/selko\/wp-json\/wp\/v2\/pages"}],"about":[{"href":"https:\/\/verneri.net\/selko\/wp-json\/wp\/v2\/types\/page"}],"author":[{"embeddable":true,"href":"https:\/\/verneri.net\/selko\/wp-json\/wp\/v2\/users\/1"}],"replies":[{"embeddable":true,"href":"https:\/\/verneri.net\/selko\/wp-json\/wp\/v2\/comments?post=42"}],"version-history":[{"count":0,"href":"https:\/\/verneri.net\/selko\/wp-json\/wp\/v2\/pages\/42\/revisions"}],"up":[{"embeddable":true,"href":"https:\/\/verneri.net\/selko\/wp-json\/wp\/v2\/pages\/13"}],"wp:featuredmedia":[{"embeddable":true,"href":"https:\/\/verneri.net\/selko\/wp-json\/wp\/v2\/media\/16933"}],"wp:attachment":[{"href":"https:\/\/verneri.net\/selko\/wp-json\/wp\/v2\/media?parent=42"}],"curies":[{"name":"wp","href":"https:\/\/api.w.org\/{rel}","templated":true}]}}